{"id":131,"date":"2016-02-02T11:25:37","date_gmt":"2016-02-02T11:25:37","guid":{"rendered":"http:\/\/avvcelm.cat\/avvcelm\/?page_id=131"},"modified":"2024-03-15T15:47:47","modified_gmt":"2024-03-15T15:47:47","slug":"el-servei-daigua-corrent-a-valldoreix","status":"publish","type":"page","link":"http:\/\/avvcelm.cat\/avvcelm\/historia-de-valldoreix\/el-servei-daigua-corrent-a-valldoreix\/","title":{"rendered":"El servei d&#8217;aigua corrent a Valldoreix"},"content":{"rendered":"<div align=\"right\"><span style=\"font-family: Geneva, Arial, Helvetica, san-serif;\"><b><span style=\"color: #4a651d;\"><img loading=\"lazy\" decoding=\"async\" class=\"alignleft\" src=\"http:\/\/avvcelm.cat\/avvcelm\/wp-content\/uploads\/2024\/03\/servei_aigua_corrent1.jpg\" alt=\"\" width=\"655\" height=\"491\" \/><\/span><\/b><\/span><\/div>\n<p><span style=\"font-family: Geneva, Arial, Helvetica, san-serif;\"><b><span style=\"color: #4a651d;\">EL SERVEI D&#8217;AIGUA CORRENT A VALLDOREIX<\/span><\/b><\/span><\/p>\n<p>Una de les preocupacions per al bon desenvolupament urban\u00edstic a Valldoreix ha estat, al llarg del segle XX, la xarxa d\u2019aigua corrent. En Joan Borr\u00e0s constru\u00ed un gran dip\u00f2sit per donar servei a la seva urbanitzaci\u00f3. En Joan Gass\u00f3 comercialitzava les aig\u00fces de les seves mines al barri de Montmany, principalment, i a d\u2019altres barris amb l\u2019empresa Herederos de Elisa Oliver.<\/p>\n<p>L\u2019any 1942 diversos valldoreixencs participaren a la comissi\u00f3 gestora del servei d\u2019aig\u00fces, entre els quals podem destacar Albert Ros\u00e0s i Masi\u00e0, Francesc Busquets i Fransi, Jaume Escoda i Llaver\u00eda, i Manel Borr\u00e0s i Ventura. Poc temps m\u00e9s tard es cre\u00e0 l\u2019empresa Aguas de Sant Cugat del Vall\u00e9s, S.A., formant part del seu consell d\u2019administraci\u00f3 els valldoreixencs Albert Ros\u00e0s i Masi\u00e0 com a vicepresident i Jaume Escoda i Llaver\u00eda, president de l\u2019Associaci\u00f3 de Propietaris de Valldoreix com a conseller. A Valldoreix el subministrament d\u2019aigua corria a c\u00e0rrec de dues companyies: La Cooperativa d\u2019Aig\u00fces de Valldoreix i la Damcar, propiet\u00e0ria del dip\u00f2sit de Can Llunell.<\/p>\n<p>El 1942 s\u2019estudi\u00e0 la possibilitat de portar les aig\u00fces de la Mina Berta, el projecte s\u2019abandon\u00e0 el 1943 per manca de capital. La font de la Mina Berta oferia un cabdal de 400 m\u00b3\/h, canalitzant-se anys m\u00e9s tard. La Cooperativa de Suministres de Valldoreix qued\u00e0 legalment constitu\u00efda l\u20191 de juliol de 1951 i agafava els abonats de l\u2019antiga empresa Herederos de Elisa Oliver, i les seves fonts, la seva xarxa de distribuci\u00f3 ocupava el sector esquerra de l\u2019Avinguda Mn. Jacint Verdaguer.<\/p>\n<p><img loading=\"lazy\" decoding=\"async\" src=\"http:\/\/avvcelm.cat\/avvcelm\/wp-content\/uploads\/2024\/03\/servei_aigua_corrent2.jpg\" alt=\"\" width=\"655\" height=\"437\" \/><\/p>\n<p>A partir de juny de 1976 un gran sector de Valldoreix, aix\u00ed com Mira-sol i Mas Gener patiren importants talls en el subministrament. L\u2019empresa Damcar deia que els problemes eren deguts a la manca de cabdal i al deficient estat de la xarxa de distribuci\u00f3. La primera de les raons era falsa donat que servia aigua per altres, fins i tot a fora del terme, per\u00f2 la reparaci\u00f3 de la xarxa superava les seves possibilitats econ\u00f2miques. Els talls crearen algunes situacions de tensions i cues de ve\u00efns i ve\u00efnes descontents carregats amb galledes davant el dip\u00f2sit de Can Llunell. Saur es va fer c\u00e0rrec del subministrament als clients de la Damcar i renov\u00e0 la xarxa distribu\u00efdora. Durant molts anys era habitual veure com baixava la pressi\u00f3 quan els estiuejants omplien les seves piscines, aix\u00ed com patir restriccions i talls de subministrament en el servei d\u2019aigua durant l\u2019estiu. Per sort aix\u00f2 forma part del passat, per\u00f2 no hem d\u2019oblidar que l\u2019aigua \u00e9s un b\u00e9 molt esc\u00e0s i que hem de ser responsables amb una racionalitzaci\u00f3 del seu consum.<\/p>\n<p><strong>Juanjo Cort\u00e9s<br \/>\n<\/strong><strong>Historiador Valldoreixenc<\/strong><\/p>\n","protected":false},"excerpt":{"rendered":"<p>EL SERVEI D&#8217;AIGUA CORRENT A VALLDOREIX Una de les preocupacions per al bon desenvolupament urban\u00edstic a Valldoreix ha estat, al llarg del segle XX, la xarxa d\u2019aigua corrent. En Joan Borr\u00e0s constru\u00ed un gran dip\u00f2sit per donar servei a la seva urbanitzaci\u00f3. En Joan Gass\u00f3 comercialitzava les aig\u00fces de les seves mines al barri de Montmany, principalment, i a d\u2019altres barris amb l\u2019empresa Herederos de Elisa Oliver. L\u2019any 1942 diversos valldoreixencs participaren a la comissi\u00f3 gestora del servei d\u2019aig\u00fces, entre els quals podem destacar Albert Ros\u00e0s i Masi\u00e0, Francesc Busquets i Fransi, Jaume Escoda i Llaver\u00eda, i Manel Borr\u00e0s i Ventura. Poc temps m\u00e9s tard es cre\u00e0 l\u2019empresa Aguas de Sant Cugat del Vall\u00e9s, S.A., formant part del seu consell d\u2019administraci\u00f3 els valldoreixencs Albert Ros\u00e0s i Masi\u00e0 com a vicepresident i Jaume Escoda i Llaver\u00eda, president de l\u2019Associaci\u00f3 de Propietaris de Valldoreix com a conseller. A Valldoreix el subministrament d\u2019aigua corria a c\u00e0rrec de dues companyies: La Cooperativa d\u2019Aig\u00fces de Valldoreix i la Damcar, propiet\u00e0ria del dip\u00f2sit de Can Llunell. El 1942 s\u2019estudi\u00e0 la possibilitat de portar les aig\u00fces de la Mina Berta, el projecte s\u2019abandon\u00e0 el 1943 per manca de capital. La font de la Mina Berta oferia un [&hellip;]<\/p>\n","protected":false},"author":1,"featured_media":0,"parent":51,"menu_order":0,"comment_status":"closed","ping_status":"closed","template":"","meta":{"footnotes":""},"_links":{"self":[{"href":"http:\/\/avvcelm.cat\/avvcelm\/wp-json\/wp\/v2\/pages\/131"}],"collection":[{"href":"http:\/\/avvcelm.cat\/avvcelm\/wp-json\/wp\/v2\/pages"}],"about":[{"href":"http:\/\/avvcelm.cat\/avvcelm\/wp-json\/wp\/v2\/types\/page"}],"author":[{"embeddable":true,"href":"http:\/\/avvcelm.cat\/avvcelm\/wp-json\/wp\/v2\/users\/1"}],"replies":[{"embeddable":true,"href":"http:\/\/avvcelm.cat\/avvcelm\/wp-json\/wp\/v2\/comments?post=131"}],"version-history":[{"count":4,"href":"http:\/\/avvcelm.cat\/avvcelm\/wp-json\/wp\/v2\/pages\/131\/revisions"}],"predecessor-version":[{"id":623,"href":"http:\/\/avvcelm.cat\/avvcelm\/wp-json\/wp\/v2\/pages\/131\/revisions\/623"}],"up":[{"embeddable":true,"href":"http:\/\/avvcelm.cat\/avvcelm\/wp-json\/wp\/v2\/pages\/51"}],"wp:attachment":[{"href":"http:\/\/avvcelm.cat\/avvcelm\/wp-json\/wp\/v2\/media?parent=131"}],"curies":[{"name":"wp","href":"https:\/\/api.w.org\/{rel}","templated":true}]}}